{"id":13,"date":"2011-08-10T11:47:48","date_gmt":"2011-08-10T11:47:48","guid":{"rendered":"http:\/\/economiaapiedecalle.com\/?page_id=13"},"modified":"2013-11-20T17:22:01","modified_gmt":"2013-11-20T17:22:01","slug":"quien-soy","status":"publish","type":"page","link":"http:\/\/www.economiaapiedecalle.com\/wordpress\/?page_id=13","title":{"rendered":"Quien soy"},"content":{"rendered":"<p style=\"text-align: justify;\">Soy doctor en econom\u00eda, soci\u00f3logo, auditor y, ante todo,\u00a0un incansable luchador por la econom\u00eda participativa y la democracia real, la\u00a0 transparencia y el buen gobierno.<\/p>\n<p style=\"text-align: justify;\">Nac\u00ed en Murcia \u00a0en el a\u00f1o 1937, (zona republicana) viv\u00ed mi infancia en ese ambiente de miedos que dominaba la sociedad, curs\u00e9 el bachillerato en el Colegio de Maristas y \u00a0he vivido observante y participando en el progreso social, entendi\u00e9ndolo como un movimiento que agita cada d\u00eda y que une reivindicaci\u00f3n, acci\u00f3n e investigaci\u00f3n<b>. <\/b><\/p>\n<p style=\"text-align: center;\"><a href=\"http:\/\/www.economiaapiedecalle.com\/wordpress\/wp-content\/uploads\/2011\/08\/fotojosemolina.jpg\"><img loading=\"lazy\" decoding=\"async\" class=\"aligncenter size-full wp-image-591\" title=\"fotojosemolina\" alt=\"Jos\u00e9 Molina Molina\" src=\"http:\/\/www.economiaapiedecalle.com\/wordpress\/wp-content\/uploads\/2011\/08\/fotojosemolina.jpg\" width=\"234\" height=\"230\" \/><\/a><\/p>\n<p style=\"text-align: justify;\">He vivido la pol\u00edtica \u201cdesde dentro\u201d pasado \u00e9pocas duras, como muchos. Y todas estas vivencias, tanto personales como profesionales, me han hecho madurar en todos los sentidos. Por eso, ahora que la tecnolog\u00eda me brinda esta oportunidad, quiero compartir con vosotros mis opiniones, mis inquietudes y mis esperanzas de esta sociedad para encontrar v\u00edas que solucionen sus problemas.<\/p>\n<p style=\"text-align: justify;\">Desde mi juventud llevo trabajando en la divulgaci\u00f3n de ideas de cambio. Inici\u00e9 mis actividades en movimientos sociales en los dif\u00edciles tiempos del Plan de Estabilizaci\u00f3n de los a\u00f1os 1959\/1960. Los criterios aplicados por el ministro L\u00f3pez Rod\u00f3 fueron muy duros para la econom\u00eda, as\u00ed como para la vida social, viv\u00ed la fuerte emigraci\u00f3n, y unido a la sistem\u00e1tica represi\u00f3n pol\u00edtica. Emigr\u00e9 a Madrid donde simultane\u00e9 trabajo y estudios de Econom\u00eda y Sociolog\u00eda, y donde particip\u00e9, en el a\u00f1o 1963, en la creaci\u00f3n de la Editorial ZYX,\u00a0\u00a0 que fue un movimiento social de promoci\u00f3n de militantes que dieron vida a muchas experiencias de participaci\u00f3n sindical, social, ciudadana y pol\u00edtica, en esa lucha social por la igualdad. que tanta fuerza desarroll\u00f3 en la ideolog\u00eda pol\u00edtica. Desde la gerencia de dicha organizaci\u00f3n tuve el privilegio de participar en esa plataforma que constituy\u00f3 un movimiento de cambio cultural, divulgando un pensamiento cr\u00edtico, experiencias de participaci\u00f3n directa en la gesti\u00f3n social y de los medios de producci\u00f3n, as\u00ed como un apoyo directo a los movimientos sindicales y pol\u00edticos de aquellos a\u00f1os.<\/p>\n<p style=\"text-align: justify;\">En la d\u00e9cada de los setenta, continu\u00e9 mi vida profesional como auditor de cuentas y de profesor de Sistema Fiscal en la Universidad de Murcia. C\u00f3mo Vicepresidente del Instituto de Censores Jurados de Cuentas de Espa\u00f1a (1979\/1985) impuls\u00e9 la auditor\u00eda, su aplicaci\u00f3n como arbitraje en el Estatuto de los Trabajadores,\u00a0 y en el control del gasto p\u00fablico. El compromiso con la pol\u00edtica me llev\u00f3 a participar en el primer gobierno de la Comunidad Aut\u00f3noma de Murcia, como Consejero de Econom\u00eda Hacienda y Empleo. Terminado mi mandato, regres\u00e9 a la vida profesional donde el contacto permanente con las estructuras empresariales, las evoluciones de las mismas, sus crisis, unas de gesti\u00f3n y otras c\u00edclicas, me dieron la posibilidad de planificar y acometer muchos planes de viabilidad para salvar empleos y proyectos empresariales. Estas actividades en la econom\u00eda privada, en la p\u00fablica y en la Universidad, me han aportado experiencias muy valiosas, y he recibido de muchos profesionales con los que he colaborado, su visi\u00f3n realista como empresarios, sindicalistas, organizaciones y universitarios, compartiendo ilusi\u00f3n y trabajos, mejorando intentando mejorar la gesti\u00f3n y la eficiencia en aquellos proyectos en los que participaba.<\/p>\n<p style=\"text-align: justify;\">En este batallar tengo que agradecer a muchos sus colaboraciones y apoyos, ser\u00eda un listado interminable, por lo que es mejor dejarlo extensivo para todos los que han estado a mi lado. Gracias.<\/p>\n<p style=\"text-align: justify;\">Para los que est\u00e9is interesados a continuaci\u00f3n os dejo mi curr\u00edculo vitae:<\/p>\n<p style=\"text-align: justify;\"><b>\u00a0<\/b><b>Jos\u00e9 Molina Molina. <\/b>(Murcia 3\/6\/1937)<\/p>\n<p style=\"text-align: justify;\"><b>Actividades en la actualidad:<\/b><\/p>\n<p style=\"text-align: justify;\">Doctor en Econom\u00eda, Soci\u00f3logo y Auditor<\/p>\n<p style=\"text-align: justify;\">Profesor de la Escuela de Liderazgo, para el curso de Formaci\u00f3n de Lideres 2013\/14 del Departamento de Ciencia Pol\u00edtica y de la Administraci\u00f3n de la Universidad de Murcia.<\/p>\n<p style=\"text-align: justify;\">Director de la\u00a0 tesis doctoral de un alumno doctorando en la Universidad de Santiago de Compostela sobre los Presupuestos Participativos en M\u00e9xico.<\/p>\n<p style=\"text-align: justify;\">Colaborador\u00a0 en la codirecci\u00f3n de la tesis de grado sobre los Presupuestos Participativos en M\u00e1laga, y el profesor Yves Cabannes. Trabajo publicado por Development Planning Unit, University College London<\/p>\n<p style=\"text-align: justify;\">Asesor en el Ayuntamiento de Molina de Segura para la implantaci\u00f3n de los Presupuestos Participativos\u00a0 2014\/15.<\/p>\n<p style=\"text-align: justify;\">Dirige el blog: http:\/\/www. economiaaapiedecalle.com (m\u00e1s de 70.000 visitas de lectores).<\/p>\n<p style=\"text-align: justify;\"><span style=\"text-decoration: underline;\">Libros publicados:<\/span> Ciudadano y Gasto P\u00fablico. Editorial Aranzadi. 2013<\/p>\n<p style=\"text-align: justify;\">Los Presupuestos Participativos: Un modelo para priorizar objetivos y gestionar eficientemente en la Administraci\u00f3n Local. 2011. Editorial Aranzadi, 2\u00aa edici\u00f3n<\/p>\n<p style=\"text-align: justify;\">Grupo promotor del Pacto por la Transparencia en la Regi\u00f3n de Murcia<\/p>\n<p style=\"text-align: justify;\">Miembro de Economistas Frente a la Crisis<\/p>\n<p style=\"text-align: justify;\">\u00a0<b>Actividades acad\u00e9micas y de docencia:<\/b><\/p>\n<p style=\"text-align: justify;\">Doctor en Econom\u00eda por la\u00a0 Universidad de Murcia (2010)<\/p>\n<p style=\"text-align: justify;\">Licenciado en Ciencias Econ\u00f3micas, Pol\u00edticas y Comerciales, por la Universidad de Valencia. (1976)<\/p>\n<p style=\"text-align: justify;\">Licenciado en Filosof\u00eda y Letras, Secci\u00f3n de Ciencias Sociales, por la Universidad Pontificia de Salamanca. (1974)<\/p>\n<p style=\"text-align: justify;\">Profesor Mercantil. Escuela de Comercio de la Universidad de Murcia. (1958)<\/p>\n<p style=\"text-align: justify;\">Profesor Asociado\u00a0 de Sistema Fiscal Espa\u00f1ol, en la Facultad de Econ\u00f3micas de la Universidad de Murcia (l980\/91)<\/p>\n<p style=\"text-align: justify;\">\u00a0<b>Actividades Profesionales y Pol\u00edticas <\/b><\/p>\n<p style=\"text-align: justify;\">Consejero de la Corporaci\u00f3n Empresarial de la Caja de Ahorros de Murcia<\/p>\n<p style=\"text-align: justify;\">Consejero de Econom\u00eda y Hacienda de la Comunidad Aut\u00f3noma de Murcia (1983\/1986)<\/p>\n<p style=\"text-align: justify;\">Vicepresidente del Instituto de Censores Jurados de Cuentas de Espa\u00f1a (1979\/1985)<\/p>\n<p style=\"text-align: justify;\">Presidente de la Federaci\u00f3n Uniaudit (1997)<\/p>\n<p style=\"text-align: justify;\">Vicepresidente de Audihispana (1998\/2002)<\/p>\n<p style=\"text-align: justify;\">Presidente de la Corporaci\u00f3n Financiera de la Regi\u00f3n de Murcia (1989\/2001)<\/p>\n<p style=\"text-align: justify;\">Gerente de Editorial ZYX (1963\/1972)<\/p>\n<p style=\"text-align: justify;\">Tesorero Nacional de la Juventud Rural Cat\u00f3lica (1960\/1963)<\/p>\n<p style=\"text-align: justify;\">Miembro del C\u00edrculo de Econom\u00eda<\/p>\n<p style=\"text-align: justify;\">Miembro de la Asociaci\u00f3n de Asesores Fiscales y del Registro de Asesores Fiscales del Colegio de Economistas.<\/p>\n<p style=\"text-align: justify;\">Miembro del Registro de Auditores<\/p>\n<p style=\"text-align: justify;\">Miembro del Instituto de Censores Jurados de Cuentas<\/p>\n<p style=\"text-align: justify;\"><strong>Publicaciones y colaboraciones:<\/strong><\/p>\n<p style=\"text-align: justify;\">Art\u00edculos de opini\u00f3n en: La Verdad, La Opini\u00f3n, Expansi\u00f3n, El Pa\u00eds y revistas especializadas de econom\u00eda, fiscalidad y auditoria. (Con m\u00e1s 500 colaboraciones publicadas).<\/p>\n<p style=\"text-align: justify;\">Coautor en ediciones de libros de auditoria, fiscalidad, control del gasto p\u00fablico y econom\u00eda regional.<\/p>\n","protected":false},"excerpt":{"rendered":"<p>Soy doctor en econom\u00eda, soci\u00f3logo, auditor y, ante todo,\u00a0un incansable luchador por la econom\u00eda participativa y la democracia real, la\u00a0 transparencia y el buen gobierno. Nac\u00ed en Murcia \u00a0en el a\u00f1o 1937, (zona republicana) viv\u00ed mi infancia en ese ambiente de miedos que dominaba la sociedad, curs\u00e9 el bachillerato en el Colegio de Maristas y &#8230; <\/p>\n<p class=\"read-more-container\"><a title=\"Quien soy\" class=\"read-more button\" href=\"http:\/\/www.economiaapiedecalle.com\/wordpress\/?page_id=13#more-13\">Continuar leyendo<span class=\"screen-reader-text\">Quien soy<\/span><\/a><\/p>\n","protected":false},"author":1,"featured_media":0,"parent":0,"menu_order":0,"comment_status":"open","ping_status":"open","template":"","meta":{"footnotes":""},"class_list":["post-13","page","type-page","status-publish"],"_links":{"self":[{"href":"http:\/\/www.economiaapiedecalle.com\/wordpress\/index.php?rest_route=\/wp\/v2\/pages\/13","targetHints":{"allow":["GET"]}}],"collection":[{"href":"http:\/\/www.economiaapiedecalle.com\/wordpress\/index.php?rest_route=\/wp\/v2\/pages"}],"about":[{"href":"http:\/\/www.economiaapiedecalle.com\/wordpress\/index.php?rest_route=\/wp\/v2\/types\/page"}],"author":[{"embeddable":true,"href":"http:\/\/www.economiaapiedecalle.com\/wordpress\/index.php?rest_route=\/wp\/v2\/users\/1"}],"replies":[{"embeddable":true,"href":"http:\/\/www.economiaapiedecalle.com\/wordpress\/index.php?rest_route=%2Fwp%2Fv2%2Fcomments&post=13"}],"version-history":[{"count":6,"href":"http:\/\/www.economiaapiedecalle.com\/wordpress\/index.php?rest_route=\/wp\/v2\/pages\/13\/revisions"}],"predecessor-version":[{"id":1618,"href":"http:\/\/www.economiaapiedecalle.com\/wordpress\/index.php?rest_route=\/wp\/v2\/pages\/13\/revisions\/1618"}],"wp:attachment":[{"href":"http:\/\/www.economiaapiedecalle.com\/wordpress\/index.php?rest_route=%2Fwp%2Fv2%2Fmedia&parent=13"}],"curies":[{"name":"wp","href":"https:\/\/api.w.org\/{rel}","templated":true}]}}